{"id":44,"date":"2023-01-18T05:07:04","date_gmt":"2023-01-18T04:07:04","guid":{"rendered":"https:\/\/zen2050maintenant.fr\/?page_id=44"},"modified":"2025-11-04T16:12:30","modified_gmt":"2025-11-04T15:12:30","slug":"les-projets","status":"publish","type":"page","link":"https:\/\/zen2050maintenant.fr\/index.php\/les-projets\/","title":{"rendered":"Nos projets (old)"},"content":{"rendered":"\n<p>Notre association Zen 2050 porte actuellement plusieurs projets.<\/p>\n\n\n\n<h2 class=\"wp-block-heading\">Les balades thermiques<\/h2>\n\n\n\n<div class=\"wp-block-columns is-layout-flex wp-container-core-columns-layout-1 wp-block-columns-is-layout-flex\">\n<div class=\"wp-block-column is-layout-flow wp-block-column-is-layout-flow\" style=\"flex-basis:66.66%\">\n<p><em>Un grand merci \u00e0 la R\u00e9gion Ile de France pour la subvention accord\u00e9e \u00e0 ce projet dans le <a href=\"https:\/\/www.iledefrance.fr\/budget-participatif-ecologique\" target=\"_blank\" rel=\"noreferrer noopener\">budget participatif \u00e9cologique et solidaire<\/a>\u00a0et \u00e0 tous les Franciliens qui ont par leur vote soutenu notre projet, le classant parmi les tous premiers des projets laur\u00e9ats !<\/em><\/p>\n<\/div>\n\n\n\n<div class=\"wp-block-column is-layout-flow wp-block-column-is-layout-flow\" style=\"flex-basis:33.33%\">\n<figure class=\"wp-block-image size-full\"><img decoding=\"async\" width=\"415\" height=\"211\" src=\"https:\/\/i0.wp.com\/zen2050maintenant.fr\/wp-content\/uploads\/2023\/09\/logo-IdF.png?resize=415%2C211&#038;ssl=1\" alt=\"\" class=\"wp-image-633\" srcset=\"https:\/\/i0.wp.com\/zen2050maintenant.fr\/wp-content\/uploads\/2023\/09\/logo-IdF.png?w=415&amp;ssl=1 415w, https:\/\/i0.wp.com\/zen2050maintenant.fr\/wp-content\/uploads\/2023\/09\/logo-IdF.png?resize=300%2C153&amp;ssl=1 300w\" sizes=\"(max-width: 415px) 100vw, 415px\" data-recalc-dims=\"1\" \/><\/figure>\n<\/div>\n<\/div>\n\n\n\n<p>Cette op\u00e9ration a connu encore un grand succ\u00e8s lors de la p\u00e9riode automne-hiver. Elle s'est termin\u00e9e le 11 mars 2023, car il faut faire la balade de nuit et avec un diff\u00e9rentiel de temp\u00e9rature suffisant.<\/p>\n\n\n\n<p>Un bilan de la campagne 2022-2023 va \u00eatre bient\u00f4t disponible ici. Vous pouvez d'ores et d\u00e9j\u00e0 visionner cette pr\u00e9sentation<\/p>\n\n\n\n<p>La nouvelle campagne 2023-2024 va faire l'objet d'une communication am\u00e9lior\u00e9e. Si vous \u00eates int\u00e9ress\u00e9s par ces balades qui reprendront en octobre, vous pouvez d'ores et d\u00e9j\u00e0 vous inscrire ici pour \u00eatre inform\u00e9 de nos annonces sur le sujet et ne pas manquer une occasion qui pourrait se d\u00e9rouler dans votre commune. Et rappelons que c'est gratuit.<\/p>\n\n\n\n<div style=\"padding:50% 0 0 0;position:relative;\"><iframe src=\"https:\/\/player.vimeo.com\/video\/794486410?h=2acd2d5748&amp;badge=0&amp;autopause=0&amp;player_id=0&amp;app_id=58479\" allow=\"autoplay; mediumscreen; picture-in-picture\" allowfullscreen=\"\" style=\"position:absolute;top:0;left:0;width:80%;height:80%;\" title=\"Video-invitation-balade-60-fps.mp4\" frameborder=\"0\"><\/iframe><\/div><script src=\"https:\/\/player.vimeo.com\/api\/player.js\"><\/script>\n\n\n\n<p><\/p>\n\n\n\n<div class=\"wp-block-columns has-background is-layout-flex wp-container-core-columns-layout-2 wp-block-columns-is-layout-flex\" style=\"background-color:#00d18461\">\n<div class=\"wp-block-column is-layout-flow wp-block-column-is-layout-flow\" style=\"flex-basis:33.33%\">\n<figure class=\"wp-block-image size-full\"><img decoding=\"async\" width=\"312\" height=\"270\" src=\"https:\/\/i0.wp.com\/zen2050maintenant.fr\/http:\/\/zen2050maintenant.fr\/wp-content\/uploads\/2023\/02\/capt4.jpg?resize=312%2C270&#038;ssl=1\" alt=\"\" class=\"wp-image-279\" srcset=\"https:\/\/i0.wp.com\/zen2050maintenant.fr\/wp-content\/uploads\/2023\/02\/capt4.jpg?w=312&amp;ssl=1 312w, https:\/\/i0.wp.com\/zen2050maintenant.fr\/wp-content\/uploads\/2023\/02\/capt4.jpg?resize=300%2C260&amp;ssl=1 300w\" sizes=\"(max-width: 312px) 100vw, 312px\" data-recalc-dims=\"1\" \/><\/figure>\n<\/div>\n\n\n\n<div class=\"wp-block-column is-layout-flow wp-block-column-is-layout-flow\" style=\"flex-basis:66.66%\">\n<p class=\"has-large-font-size\"><strong>Le projet de g\u00e9othermie Vall\u00e9e Sud<\/strong><\/p>\n\n\n\n<p>Un enjeu important en Ile de France, des <a href=\"https:\/\/zen2050maintenant.fr\/index.php\/les-projets\/le-projet-de-geothermie-vallee-sud\/\">projets<\/a> \u00e0 porter aupr\u00e8s des acteurs publics et des professionnels. Vous pouvez contribuer \u00e0 soutenir cette initiative, portant sur le p\u00e9rim\u00e8tre Fontenay, Bourg la Reine et Sceaux, notamment si avez des comp\u00e9tences sur l'immobilier, les r\u00e9seaux de chaleur.<\/p>\n<\/div>\n<\/div>\n\n\n\n<div class=\"wp-block-columns has-white-background-color has-background is-layout-flex wp-container-core-columns-layout-3 wp-block-columns-is-layout-flex\">\n<div class=\"wp-block-column is-layout-flow wp-block-column-is-layout-flow\" style=\"flex-basis:33.33%\">\n<figure class=\"wp-block-image size-full is-resized\"><img decoding=\"async\" src=\"https:\/\/i0.wp.com\/zen2050maintenant.fr\/http:\/\/zen2050maintenant.fr\/http:\/\/zen2050maintenant.fr\/wp-content\/uploads\/2023\/01\/image.png?resize=258%2C172&#038;ssl=1\" alt=\"\" class=\"wp-image-154\" width=\"258\" height=\"172\" srcset=\"https:\/\/i0.wp.com\/zen2050maintenant.fr\/wp-content\/uploads\/2023\/01\/image.png?w=891&amp;ssl=1 891w, https:\/\/i0.wp.com\/zen2050maintenant.fr\/wp-content\/uploads\/2023\/01\/image.png?resize=300%2C200&amp;ssl=1 300w, https:\/\/i0.wp.com\/zen2050maintenant.fr\/wp-content\/uploads\/2023\/01\/image.png?resize=768%2C513&amp;ssl=1 768w, https:\/\/i0.wp.com\/zen2050maintenant.fr\/wp-content\/uploads\/2023\/01\/image.png?resize=600%2C401&amp;ssl=1 600w\" sizes=\"(max-width: 258px) 100vw, 258px\" data-recalc-dims=\"1\" \/><\/figure>\n<\/div>\n\n\n\n<div class=\"wp-block-column is-layout-flow wp-block-column-is-layout-flow\" style=\"flex-basis:66.66%\">\n<p class=\"has-large-font-size\"><strong>Les actions avec les \u00e9tablissements d'enseignement<\/strong><\/p>\n\n\n\n<ul>\n<li>Accompagner les \u00e9tablissements d'enseignement sup\u00e9rieur et les lyc\u00e9es locaux<\/li>\n\n\n\n<li>Produire des bilans carbone, d\u00e9finir des plans d'action<\/li>\n\n\n\n<li>En partenariat avec d'autres associations, un tremplin pour les \u00e9tudiants<\/li>\n<\/ul>\n<\/div>\n<\/div>\n\n\n\n<div class=\"wp-block-columns has-background is-layout-flex wp-container-core-columns-layout-4 wp-block-columns-is-layout-flex\" style=\"background-color:#00d18461\">\n<div class=\"wp-block-column is-layout-flow wp-block-column-is-layout-flow\" style=\"flex-basis:33.33%\">\n<figure class=\"wp-block-image size-full\"><img decoding=\"async\" width=\"267\" height=\"140\" src=\"https:\/\/i0.wp.com\/zen2050maintenant.fr\/wp-content\/uploads\/2023\/02\/capta9.jpg?resize=267%2C140&#038;ssl=1\" alt=\"\" class=\"wp-image-293\" data-recalc-dims=\"1\"\/><\/figure>\n<\/div>\n\n\n\n<div class=\"wp-block-column is-layout-flow wp-block-column-is-layout-flow\" style=\"flex-basis:66.66%\">\n<p class=\"has-large-font-size\"><strong>Le \"village bas carbone\" du <em>Printemps des transitions<\/em>, le samedi 13 mai 2023<\/strong><\/p>\n\n\n\n<p><strong>Apr\u00e8s le succ\u00e8s de la journ\u00e9e \"Bienvenue vers Net Z\u00e9ro 2050 !\"du 14 Mai 2022, on passe \u00e0 la vitesse sup\u00e9rieure avec le<em> Printemps des transitions<\/em> organis\u00e9 par la ville de Sceaux<\/strong><\/p>\n\n\n\n<p><strong>Avec au coeur de cet \u00e9v\u00e9nement, le 13 mai, le village dit du bas carbone o\u00f9 vous avez pu nous retrouver<\/strong><\/p>\n\n\n\n<ul>\n<li>Conf\u00e9rences, rencontre avec des associations et aussi<\/li>\n\n\n\n<li>Bilan des balades thermiques de cet hivers, que faire apr\u00e8s?<\/li>\n\n\n\n<li>Venez suivre les Fresques: du Climat, du Num\u00e9rique, de la Mobilit\u00e9, faites votre Bilan Carbone, apprenez \u00e0 vivre un vie sans carbone et heureuse<\/li>\n\n\n\n<li>Vous pouvez vous pr\u00e9-inscrire d\u00e8s \u00e0 pr\u00e9sent<\/li>\n<\/ul>\n<\/div>\n<\/div>\n","protected":false},"excerpt":{"rendered":"<p>Notre association Zen 2050 porte actuellement plusieurs projets. Les balades thermiques Un grand merci \u00e0 la R\u00e9gion Ile de France pour la subvention accord\u00e9e \u00e0 ce projet dans le budget participatif \u00e9cologique et solidaire\u00a0et \u00e0 tous les Franciliens qui ont par leur vote soutenu notre projet, le classant parmi les tous premiers des projets laur\u00e9ats [&hellip;]<\/p>\n","protected":false},"author":1,"featured_media":0,"parent":0,"menu_order":9,"comment_status":"closed","ping_status":"closed","template":"","meta":{"footnotes":""},"yoast_head":"<!-- This site is optimized with the Yoast SEO plugin v21.7 - https:\/\/yoast.com\/wordpress\/plugins\/seo\/ -->\n<title>Nos projets (old) - Zen 2050<\/title>\n<meta name=\"robots\" content=\"index, follow, max-snippet:-1, max-image-preview:large, max-video-preview:-1\" \/>\n<link rel=\"canonical\" href=\"https:\/\/zen2050maintenant.fr\/index.php\/les-projets\/\" \/>\n<meta property=\"og:locale\" content=\"fr_FR\" \/>\n<meta property=\"og:type\" content=\"article\" \/>\n<meta property=\"og:title\" content=\"Nos projets (old) - Zen 2050\" \/>\n<meta property=\"og:description\" content=\"Notre association Zen 2050 porte actuellement plusieurs projets. Les balades thermiques Un grand merci \u00e0 la R\u00e9gion Ile de France pour la subvention accord\u00e9e \u00e0 ce projet dans le budget participatif \u00e9cologique et solidaire\u00a0et \u00e0 tous les Franciliens qui ont par leur vote soutenu notre projet, le classant parmi les tous premiers des projets laur\u00e9ats [&hellip;]\" \/>\n<meta property=\"og:url\" content=\"https:\/\/zen2050maintenant.fr\/index.php\/les-projets\/\" \/>\n<meta property=\"og:site_name\" content=\"Zen 2050\" \/>\n<meta property=\"article:modified_time\" content=\"2025-11-04T15:12:30+00:00\" \/>\n<meta property=\"og:image\" content=\"https:\/\/zen2050maintenant.fr\/wp-content\/uploads\/2023\/09\/logo-IdF.png\" \/>\n<meta name=\"twitter:card\" content=\"summary_large_image\" \/>\n<meta name=\"twitter:label1\" content=\"Dur\u00e9e de lecture estim\u00e9e\" \/>\n\t<meta name=\"twitter:data1\" content=\"3 minutes\" \/>\n<script type=\"application\/ld+json\" class=\"yoast-schema-graph\">{\"@context\":\"https:\/\/schema.org\",\"@graph\":[{\"@type\":\"WebPage\",\"@id\":\"https:\/\/zen2050maintenant.fr\/index.php\/les-projets\/\",\"url\":\"https:\/\/zen2050maintenant.fr\/index.php\/les-projets\/\",\"name\":\"Nos projets (old) - Zen 2050\",\"isPartOf\":{\"@id\":\"https:\/\/zen2050maintenant.fr\/#website\"},\"datePublished\":\"2023-01-18T04:07:04+00:00\",\"dateModified\":\"2025-11-04T15:12:30+00:00\",\"breadcrumb\":{\"@id\":\"https:\/\/zen2050maintenant.fr\/index.php\/les-projets\/#breadcrumb\"},\"inLanguage\":\"fr-FR\",\"potentialAction\":[{\"@type\":\"ReadAction\",\"target\":[\"https:\/\/zen2050maintenant.fr\/index.php\/les-projets\/\"]}]},{\"@type\":\"BreadcrumbList\",\"@id\":\"https:\/\/zen2050maintenant.fr\/index.php\/les-projets\/#breadcrumb\",\"itemListElement\":[{\"@type\":\"ListItem\",\"position\":1,\"name\":\"Accueil\",\"item\":\"https:\/\/zen2050maintenant.fr\/\"},{\"@type\":\"ListItem\",\"position\":2,\"name\":\"Nos projets (old)\"}]},{\"@type\":\"WebSite\",\"@id\":\"https:\/\/zen2050maintenant.fr\/#website\",\"url\":\"https:\/\/zen2050maintenant.fr\/\",\"name\":\"Zen 2050 maintenant\",\"description\":\"Des actions locales et concr\u00e8tes vres la neutrali\u00e9 carbone en 2050\",\"publisher\":{\"@id\":\"https:\/\/zen2050maintenant.fr\/#organization\"},\"potentialAction\":[{\"@type\":\"SearchAction\",\"target\":{\"@type\":\"EntryPoint\",\"urlTemplate\":\"https:\/\/zen2050maintenant.fr\/?s={search_term_string}\"},\"query-input\":\"required name=search_term_string\"}],\"inLanguage\":\"fr-FR\"},{\"@type\":\"Organization\",\"@id\":\"https:\/\/zen2050maintenant.fr\/#organization\",\"name\":\"Zen 2050 maintenant\",\"url\":\"https:\/\/zen2050maintenant.fr\/\",\"logo\":{\"@type\":\"ImageObject\",\"inLanguage\":\"fr-FR\",\"@id\":\"https:\/\/zen2050maintenant.fr\/#\/schema\/logo\/image\/\",\"url\":\"https:\/\/i0.wp.com\/zen2050maintenant.fr\/wp-content\/uploads\/2023\/02\/logo.jpg?fit=261%2C186&ssl=1\",\"contentUrl\":\"https:\/\/i0.wp.com\/zen2050maintenant.fr\/wp-content\/uploads\/2023\/02\/logo.jpg?fit=261%2C186&ssl=1\",\"width\":261,\"height\":186,\"caption\":\"Zen 2050 maintenant\"},\"image\":{\"@id\":\"https:\/\/zen2050maintenant.fr\/#\/schema\/logo\/image\/\"}}]}<\/script>\n<!-- \/ Yoast SEO plugin. -->","yoast_head_json":{"title":"Nos projets (old) - Zen 2050","robots":{"index":"index","follow":"follow","max-snippet":"max-snippet:-1","max-image-preview":"max-image-preview:large","max-video-preview":"max-video-preview:-1"},"canonical":"https:\/\/zen2050maintenant.fr\/index.php\/les-projets\/","og_locale":"fr_FR","og_type":"article","og_title":"Nos projets (old) - Zen 2050","og_description":"Notre association Zen 2050 porte actuellement plusieurs projets. Les balades thermiques Un grand merci \u00e0 la R\u00e9gion Ile de France pour la subvention accord\u00e9e \u00e0 ce projet dans le budget participatif \u00e9cologique et solidaire\u00a0et \u00e0 tous les Franciliens qui ont par leur vote soutenu notre projet, le classant parmi les tous premiers des projets laur\u00e9ats [&hellip;]","og_url":"https:\/\/zen2050maintenant.fr\/index.php\/les-projets\/","og_site_name":"Zen 2050","article_modified_time":"2025-11-04T15:12:30+00:00","og_image":[{"url":"https:\/\/zen2050maintenant.fr\/wp-content\/uploads\/2023\/09\/logo-IdF.png"}],"twitter_card":"summary_large_image","twitter_misc":{"Dur\u00e9e de lecture estim\u00e9e":"3 minutes"},"schema":{"@context":"https:\/\/schema.org","@graph":[{"@type":"WebPage","@id":"https:\/\/zen2050maintenant.fr\/index.php\/les-projets\/","url":"https:\/\/zen2050maintenant.fr\/index.php\/les-projets\/","name":"Nos projets (old) - Zen 2050","isPartOf":{"@id":"https:\/\/zen2050maintenant.fr\/#website"},"datePublished":"2023-01-18T04:07:04+00:00","dateModified":"2025-11-04T15:12:30+00:00","breadcrumb":{"@id":"https:\/\/zen2050maintenant.fr\/index.php\/les-projets\/#breadcrumb"},"inLanguage":"fr-FR","potentialAction":[{"@type":"ReadAction","target":["https:\/\/zen2050maintenant.fr\/index.php\/les-projets\/"]}]},{"@type":"BreadcrumbList","@id":"https:\/\/zen2050maintenant.fr\/index.php\/les-projets\/#breadcrumb","itemListElement":[{"@type":"ListItem","position":1,"name":"Accueil","item":"https:\/\/zen2050maintenant.fr\/"},{"@type":"ListItem","position":2,"name":"Nos projets (old)"}]},{"@type":"WebSite","@id":"https:\/\/zen2050maintenant.fr\/#website","url":"https:\/\/zen2050maintenant.fr\/","name":"Zen 2050 maintenant","description":"Des actions locales et concr\u00e8tes vres la neutrali\u00e9 carbone en 2050","publisher":{"@id":"https:\/\/zen2050maintenant.fr\/#organization"},"potentialAction":[{"@type":"SearchAction","target":{"@type":"EntryPoint","urlTemplate":"https:\/\/zen2050maintenant.fr\/?s={search_term_string}"},"query-input":"required name=search_term_string"}],"inLanguage":"fr-FR"},{"@type":"Organization","@id":"https:\/\/zen2050maintenant.fr\/#organization","name":"Zen 2050 maintenant","url":"https:\/\/zen2050maintenant.fr\/","logo":{"@type":"ImageObject","inLanguage":"fr-FR","@id":"https:\/\/zen2050maintenant.fr\/#\/schema\/logo\/image\/","url":"https:\/\/i0.wp.com\/zen2050maintenant.fr\/wp-content\/uploads\/2023\/02\/logo.jpg?fit=261%2C186&ssl=1","contentUrl":"https:\/\/i0.wp.com\/zen2050maintenant.fr\/wp-content\/uploads\/2023\/02\/logo.jpg?fit=261%2C186&ssl=1","width":261,"height":186,"caption":"Zen 2050 maintenant"},"image":{"@id":"https:\/\/zen2050maintenant.fr\/#\/schema\/logo\/image\/"}}]}},"jetpack_sharing_enabled":true,"jetpack-related-posts":[{"id":170,"url":"https:\/\/zen2050maintenant.fr\/index.php\/nos-projets-2\/le-projet-de-geothermie-vallee-sud\/","url_meta":{"origin":44,"position":0},"title":"Un projet de g\u00e9othermie sur trois communes du territoire Vall\u00e9e Sud Grand Paris","author":"mipicard99@gmail.com","date":"02\/02\/2023","format":false,"excerpt":"\"De l\u2019eau chaude sous nos pieds\u2026\" Sous l\u2019\u00cele de France,LE DOGGER,Une couche de craie satur\u00e9eEN EAU CHAUDE Il suffit de creuser \u00e0 1800 m ! L\u2019association Z.E.N. 2050 Maintenant a \u00e9t\u00e9 force de conviction en pour que soit relanc\u00e9es les pr\u00e9-\u00e9tudes n\u00e9cessaires \u00e0 un projet de g\u00e9othermie sur les communes\u2026","rel":"","context":"Article similaire","block_context":{"text":"Article similaire","link":""},"img":{"alt_text":"","src":"https:\/\/i0.wp.com\/zen2050maintenant.fr\/wp-content\/uploads\/2023\/02\/geothermeie1.jpg?resize=350%2C200&ssl=1","width":350,"height":200,"srcset":"https:\/\/i0.wp.com\/zen2050maintenant.fr\/wp-content\/uploads\/2023\/02\/geothermeie1.jpg?resize=350%2C200&ssl=1 1x, https:\/\/i0.wp.com\/zen2050maintenant.fr\/wp-content\/uploads\/2023\/02\/geothermeie1.jpg?resize=525%2C300&ssl=1 1.5x, https:\/\/i0.wp.com\/zen2050maintenant.fr\/wp-content\/uploads\/2023\/02\/geothermeie1.jpg?resize=700%2C400&ssl=1 2x"},"classes":[]},{"id":688,"url":"https:\/\/zen2050maintenant.fr\/index.php\/nos-projets-2\/","url_meta":{"origin":44,"position":1},"title":"Nos projets","author":"mipicard99@gmail.com","date":"04\/11\/2025","format":false,"excerpt":"","rel":"","context":"Article similaire","block_context":{"text":"Article similaire","link":""},"img":{"alt_text":"","src":"","width":0,"height":0},"classes":[]},{"id":6,"url":"https:\/\/zen2050maintenant.fr\/","url_meta":{"origin":44,"position":2},"title":"Notre mission","author":"mipicard99@gmail.com","date":"12\/01\/2023","format":false,"excerpt":"Balade thermique Si vous participez \u00e0 une balade thermique, merci d'utiliser ce formulaire au moment de la visite pour visionner les images Printemps des transitions Les 16 et 17 Mai 2025, le Printemps des transitions organis\u00e9 par la ville de Sceaux, a \u00e9t\u00e9 l'occasion de belles rencontres. Z.E.N. 2050 maintenant\u2026","rel":"","context":"Article similaire","block_context":{"text":"Article similaire","link":""},"img":{"alt_text":"","src":"https:\/\/i0.wp.com\/zen2050maintenant.fr\/wp-content\/uploads\/2023\/02\/capt1.jpg?resize=350%2C200&ssl=1","width":350,"height":200,"srcset":"https:\/\/i0.wp.com\/zen2050maintenant.fr\/wp-content\/uploads\/2023\/02\/capt1.jpg?resize=350%2C200&ssl=1 1x, https:\/\/i0.wp.com\/zen2050maintenant.fr\/wp-content\/uploads\/2023\/02\/capt1.jpg?resize=525%2C300&ssl=1 1.5x"},"classes":[]},{"id":149,"url":"https:\/\/zen2050maintenant.fr\/index.php\/nos-projets-2\/les-partenariats-avec-lenseignement\/","url_meta":{"origin":44,"position":3},"title":"Les partenariats avec l'enseignement","author":"mipicard99@gmail.com","date":"31\/01\/2023","format":false,"excerpt":"Avec le groupe scolaire Marie-Curie, ZEN 2050 Maintenant a men\u00e9 le projet \u00ab\u00a0Ces thermies qui nous \u00e9chappent\u00a0\u00bb. Nous avons mis \u00e0 disposition de l\u2019\u00e9quipe de sciences la cam\u00e9ra infra-rouge, ce qui a permis au \u00e9l\u00e8ves de l\u2019ensemble des classes de premi\u00e8res scientifiques de travailler sur les pertes thermiques. Ce fut\u2026","rel":"","context":"Article similaire","block_context":{"text":"Article similaire","link":""},"img":{"alt_text":"","src":"https:\/\/i0.wp.com\/zen2050maintenant.fr\/wp-content\/uploads\/2023\/01\/epf.jpg?resize=350%2C200&ssl=1","width":350,"height":200,"srcset":"https:\/\/i0.wp.com\/zen2050maintenant.fr\/wp-content\/uploads\/2023\/01\/epf.jpg?resize=350%2C200&ssl=1 1x, https:\/\/i0.wp.com\/zen2050maintenant.fr\/wp-content\/uploads\/2023\/01\/epf.jpg?resize=525%2C300&ssl=1 1.5x, https:\/\/i0.wp.com\/zen2050maintenant.fr\/wp-content\/uploads\/2023\/01\/epf.jpg?resize=700%2C400&ssl=1 2x"},"classes":[]},{"id":140,"url":"https:\/\/zen2050maintenant.fr\/index.php\/nos-projets-2\/les-balades-thermiques\/","url_meta":{"origin":44,"position":4},"title":"Les balades thermiques","author":"mipicard99@gmail.com","date":"31\/01\/2023","format":false,"excerpt":"Gr\u00e2ce \u00e0 une cam\u00e9ra infra-rouge acquise par notre association, avec l'aide de la R\u00e9gion Ile de France (Budget\u00a0participatif \u00e9cologique et solidaire), vous pourrez visualiser les pertes thermiques des b\u00e2timents, lors d'une balade effectu\u00e9e de nuit et de pr\u00e9f\u00e9rence en hiver. Inscrivez-vous \u00e0 une s\u00e9ance programm\u00e9e et vous pourrez participer \u00e0\u2026","rel":"","context":"Article similaire","block_context":{"text":"Article similaire","link":""},"img":{"alt_text":"","src":"","width":0,"height":0},"classes":[]},{"id":42,"url":"https:\/\/zen2050maintenant.fr\/index.php\/lassociation\/","url_meta":{"origin":44,"position":5},"title":"Nos actions","author":"mipicard99@gmail.com","date":"18\/01\/2023","format":false,"excerpt":"Z.E.N. 2050, c'est Z\u00e9ro \u00c9missions Nettes de gaz \u00e0 effet de serre en 2050. C'est un engagement de l'ONU,\u00a0de l'Union Europ\u00e9enne, auquel la France a souscrit.Cet engagement est notamment repris par la Strat\u00e9gie Nationale Bas Carbone (SNBC), et localement\u00a0par le Plan Climat Air \u00c9nergie de nos territoires. Zen2050maintenant est une\u2026","rel":"","context":"Article similaire","block_context":{"text":"Article similaire","link":""},"img":{"alt_text":"","src":"","width":0,"height":0},"classes":[]}],"_links":{"self":[{"href":"https:\/\/zen2050maintenant.fr\/index.php\/wp-json\/wp\/v2\/pages\/44"}],"collection":[{"href":"https:\/\/zen2050maintenant.fr\/index.php\/wp-json\/wp\/v2\/pages"}],"about":[{"href":"https:\/\/zen2050maintenant.fr\/index.php\/wp-json\/wp\/v2\/types\/page"}],"author":[{"embeddable":true,"href":"https:\/\/zen2050maintenant.fr\/index.php\/wp-json\/wp\/v2\/users\/1"}],"replies":[{"embeddable":true,"href":"https:\/\/zen2050maintenant.fr\/index.php\/wp-json\/wp\/v2\/comments?post=44"}],"version-history":[{"count":28,"href":"https:\/\/zen2050maintenant.fr\/index.php\/wp-json\/wp\/v2\/pages\/44\/revisions"}],"predecessor-version":[{"id":691,"href":"https:\/\/zen2050maintenant.fr\/index.php\/wp-json\/wp\/v2\/pages\/44\/revisions\/691"}],"wp:attachment":[{"href":"https:\/\/zen2050maintenant.fr\/index.php\/wp-json\/wp\/v2\/media?parent=44"}],"curies":[{"name":"wp","href":"https:\/\/api.w.org\/{rel}","templated":true}]}}